{"id":771,"date":"2024-01-13T19:04:58","date_gmt":"2024-01-13T18:04:58","guid":{"rendered":"https:\/\/www.szlaki.lublin.pl\/?page_id=771"},"modified":"2024-02-15T14:30:35","modified_gmt":"2024-02-15T13:30:35","slug":"powiat-lukowski","status":"publish","type":"page","link":"https:\/\/szlaki.lublin.pl\/index.php\/powiat-lukowski\/","title":{"rendered":"Powiat \u0142ukowski"},"content":{"rendered":"\n<h3 class=\"wp-block-heading\">Powiat \u0142ukowski<\/h3>\n\n\n\n<h4 class=\"wp-block-heading\">Szlaki rowerowe<\/h4>\n\n\n\n<p>Szlaki rowerowe w powiecie \u0142ukowskim to sie\u0107 ok. 330 km tras na terenie 12-tu gmin (powiat \u0142ukowski oraz gminy K\u0142oczew i Nowodw\u00f3r z pow. ryckiego). Powsta\u0142y z inicjatywy <a href=\"https:\/\/lgdrazem.pl\" target=\"_blank\" rel=\"noreferrer noopener\">Lokalnej Grupy Dzia\u0142ania &#8222;Razem ku Lepszej Przysz\u0142o\u015bci&#8221;<\/a> z \u0141ukowa. Nosz\u0105 wsp\u00f3ln\u0105 nazw\u0119 Szlaku Ziemi \u0141ukowskiej.<\/p>\n\n\n\n<figure class=\"wp-block-image aligncenter size-full is-resized\"><img loading=\"lazy\" decoding=\"async\" width=\"1024\" height=\"724\" src=\"https:\/\/szlaki.lublin.pl\/wp-content\/uploads\/2024\/01\/logo-szlaku-ziemi-lukowskiej.jpg\" alt=\"Stylizowany rower. Fioletowy ludzik dosiada roweru z czerwona ram\u0105, \u017c\u00f3\u0142tym tylnym i niebieskim przednik ko\u0142em. Z przodu zielone drzewko, pod spodem napis szlak ziemi \u0142ukowskiej\" class=\"wp-image-922\" style=\"width:250px\" srcset=\"https:\/\/szlaki.lublin.pl\/wp-content\/uploads\/2024\/01\/logo-szlaku-ziemi-lukowskiej.jpg 1024w, https:\/\/szlaki.lublin.pl\/wp-content\/uploads\/2024\/01\/logo-szlaku-ziemi-lukowskiej-300x212.jpg 300w, https:\/\/szlaki.lublin.pl\/wp-content\/uploads\/2024\/01\/logo-szlaku-ziemi-lukowskiej-768x543.jpg 768w\" sizes=\"auto, (max-width: 1024px) 100vw, 1024px\" \/><\/figure>\n\n\n\n<figure data-wp-context=\"{&quot;imageId&quot;:&quot;69f381ac924e5&quot;}\" data-wp-interactive=\"core\/image\" data-wp-key=\"69f381ac924e5\" class=\"wp-block-image aligncenter size-full is-resized wp-lightbox-container\"><img loading=\"lazy\" decoding=\"async\" width=\"1000\" height=\"703\" data-wp-class--hide=\"state.isContentHidden\" data-wp-class--show=\"state.isContentVisible\" data-wp-init=\"callbacks.setButtonStyles\" data-wp-on--click=\"actions.showLightbox\" data-wp-on--load=\"callbacks.setButtonStyles\" data-wp-on-window--resize=\"callbacks.setButtonStyles\" src=\"https:\/\/szlaki.lublin.pl\/wp-content\/uploads\/2024\/01\/szlak_ziemi_lukowskiej-pogladowa_mapa_internet_2024_male.gif\" alt=\"Mapa szlak\u00f3w rowerowych Szlaku Ziemi \u0141ukowskiej. Zaznaczone granice gmin i naniesione kolorami trasy wszystkich szlak\u00f3w. Na dole legenda, na g\u00f3rze busola.\" class=\"wp-image-1009\" style=\"width:350px\"\/><button\n\t\t\tclass=\"lightbox-trigger\"\n\t\t\ttype=\"button\"\n\t\t\taria-haspopup=\"dialog\"\n\t\t\taria-label=\"Powi\u0119ksz\"\n\t\t\tdata-wp-init=\"callbacks.initTriggerButton\"\n\t\t\tdata-wp-on--click=\"actions.showLightbox\"\n\t\t\tdata-wp-style--right=\"state.imageButtonRight\"\n\t\t\tdata-wp-style--top=\"state.imageButtonTop\"\n\t\t>\n\t\t\t<svg xmlns=\"http:\/\/www.w3.org\/2000\/svg\" width=\"12\" height=\"12\" fill=\"none\" viewBox=\"0 0 12 12\">\n\t\t\t\t<path fill=\"#fff\" d=\"M2 0a2 2 0 0 0-2 2v2h1.5V2a.5.5 0 0 1 .5-.5h2V0H2Zm2 10.5H2a.5.5 0 0 1-.5-.5V8H0v2a2 2 0 0 0 2 2h2v-1.5ZM8 12v-1.5h2a.5.5 0 0 0 .5-.5V8H12v2a2 2 0 0 1-2 2H8Zm2-12a2 2 0 0 1 2 2v2h-1.5V2a.5.5 0 0 0-.5-.5H8V0h2Z\" \/>\n\t\t\t<\/svg>\n\t\t<\/button><\/figure>\n\n\n\n<div class=\"wp-block-stackable-columns stk-block-columns stk-block stk-ac6ade7\" data-block-id=\"ac6ade7\"><div class=\"stk-row stk-inner-blocks stk-block-content stk-content-align stk-ac6ade7-column\">\n<div class=\"wp-block-stackable-column stk-block-column stk-column stk-block stk-e974e08\" data-v=\"4\" data-block-id=\"e974e08\"><style>.stk-e974e08-inner-blocks{align-items:center !important}<\/style><div class=\"stk-column-wrapper stk-block-column__content stk-container stk-e974e08-container stk--no-background stk--no-padding\"><div class=\"has-text-align-center stk--column-flex stk-block-content stk-inner-blocks stk-e974e08-inner-blocks\">\n<iframe loading=\"lazy\" src=\"https:\/\/www.google.com\/maps\/d\/u\/0\/embed?mid=1jY0iFLgycbPMjVrrwmm-raSG3PrIw44&#038;ehbc=2E312F\" width=\"640\" height=\"480\"><\/iframe>\n<\/div><\/div><\/div>\n<\/div><\/div>\n\n\n\n<p>Zobacz te\u017c: <a title=\"mapa topo, strona LGD z \u0141ukowa\" href=\"https:\/\/lgdrazem.pl\/wp-content\/uploads\/2016\/05\/mapa-szlaku-ziemi-lukowskiej.gif\" target=\"_blank\" rel=\"noreferrer noopener\">szlaki na podk\u0142adzie mapy topograficznej<\/a><\/p>\n\n\n\n<h5 class=\"wp-block-heading\">Gminy tworz\u0105ce Szlak Ziemi \u0141ukowskiej:<\/h5>\n\n\n\n<ul class=\"wp-block-list\">\n<li>Adam\u00f3w&nbsp; <a href=\"https:\/\/szlaki.lublin.pl\/wp-content\/uploads\/2024\/01\/Adamow-schemat-internet-scaled.gif\" data-type=\"attachment\" data-id=\"987\">ZOBACZ MAP\u0118<\/a> \/\/ <a href=\"https:\/\/szlaki.lublin.pl\/wp-content\/uploads\/2024\/01\/tablica-kalinowy_dol-internet-scaled.gif\" data-type=\"attachment\" data-id=\"995\">ZOBACZ TABLIC\u0118<\/a> (Kalinowy D\u00f3\u0142, miejsce \u015bmierci ostatnich \u017co\u0142nierzy polskich wojny 1939 roku)<\/li>\n\n\n\n<li>K\u0142oczew <a href=\"https:\/\/szlaki.lublin.pl\/wp-content\/uploads\/2024\/01\/Kloczew-schemat-internet-scaled.gif\" data-type=\"attachment\" data-id=\"989\">ZOBACZ MAP\u0118<\/a>&nbsp;<\/li>\n\n\n\n<li>Krzywda <a href=\"https:\/\/szlaki.lublin.pl\/wp-content\/uploads\/2024\/01\/Krzywda-schemat-internet-scaled.gif\" data-type=\"attachment\" data-id=\"990\">ZOBACZ MAP\u0118<\/a>&nbsp;<\/li>\n\n\n\n<li>\u0141uk\u00f3w (gmina i miasto) <a href=\"https:\/\/szlaki.lublin.pl\/wp-content\/uploads\/2024\/01\/lukow-schemat-internet.gif\">ZOBACZ MAP\u0118<\/a><\/li>\n\n\n\n<li>Nowodw\u00f3r <a href=\"https:\/\/szlaki.lublin.pl\/wp-content\/uploads\/2024\/01\/Nowodwor-schemat-internet.gif\" data-type=\"attachment\" data-id=\"981\">ZOBACZ MAP\u0118<\/a> \/\/ ZOBACZ FOLDER <a href=\"https:\/\/szlaki.lublin.pl\/wp-content\/uploads\/2024\/01\/folder_nowodwor_strona1.jpg\" data-type=\"attachment\" data-id=\"999\">strona1<\/a>, <a href=\"https:\/\/szlaki.lublin.pl\/wp-content\/uploads\/2024\/01\/folder_nowodwor_strona2.jpg\" data-type=\"attachment\" data-id=\"998\">strona 2<\/a><\/li>\n\n\n\n<li>Serokomla <a href=\"https:\/\/szlaki.lublin.pl\/wp-content\/uploads\/2024\/01\/Serokomla-schemat-internet-scaled.gif\" data-type=\"attachment\" data-id=\"982\">ZOBACZ MAP\u0118<\/a> \/\/ ZOBACZ FOLDER <a href=\"https:\/\/szlaki.lublin.pl\/wp-content\/uploads\/2024\/01\/folder_serokomla_strona1.gif\" data-type=\"attachment\" data-id=\"1001\">strona 1<\/a>, <a href=\"https:\/\/szlaki.lublin.pl\/wp-content\/uploads\/2024\/01\/folder_serokomla_strona2.gif\" data-type=\"attachment\" data-id=\"1002\">strona 2<\/a>&nbsp;<\/li>\n\n\n\n<li>Stanin <a href=\"https:\/\/szlaki.lublin.pl\/wp-content\/uploads\/2024\/01\/Stanin-schemat-internet-scaled.gif\" data-type=\"attachment\" data-id=\"983\">ZOBACZ MAP\u0118<\/a>&nbsp;<\/li>\n\n\n\n<li>Stoczek \u0141ukowski (miasto i gmina) <a href=\"https:\/\/szlaki.lublin.pl\/wp-content\/uploads\/2024\/01\/Gmina_Stoczek_Lukowski_mapa-internet-scaled.jpg\" data-type=\"attachment\" data-id=\"988\">ZOBACZ MAP\u0118<\/a>&nbsp;<\/li>\n\n\n\n<li>Trzebiesz\u00f3w <a href=\"https:\/\/szlaki.lublin.pl\/wp-content\/uploads\/2024\/01\/Trzebieszow-schemat-internet.gif\" data-type=\"attachment\" data-id=\"984\">ZOBACZ MAP\u0118<\/a><\/li>\n\n\n\n<li>Wojcieszk\u00f3w <a href=\"https:\/\/szlaki.lublin.pl\/wp-content\/uploads\/2024\/01\/Wojcieszkow-schemat-internet-scaled.gif\" data-type=\"attachment\" data-id=\"985\">ZOBACZ MAP\u0118<\/a>&nbsp; \/\/ ZOBACZ FOLDER <a href=\"https:\/\/szlaki.lublin.pl\/wp-content\/uploads\/2024\/01\/wojcieszkow_folder_strona1.gif\" data-type=\"attachment\" data-id=\"1004\">strona1<\/a>, <a href=\"https:\/\/szlaki.lublin.pl\/wp-content\/uploads\/2024\/01\/wojcieszkow_folder_strona2.gif\" data-type=\"attachment\" data-id=\"1005\">strona 2<\/a>&nbsp;<\/li>\n\n\n\n<li>Wola Mys\u0142owska <a href=\"https:\/\/szlaki.lublin.pl\/wp-content\/uploads\/2024\/01\/Wola-Myslowska-schemat-internet-scaled.gif\" data-type=\"attachment\" data-id=\"986\">ZOBACZ MAP\u0118<\/a>&nbsp;<\/li>\n<\/ul>\n\n\n\n<p>========<\/p>\n\n\n\n<p>Poza Szlakiem Ziemi \u0141ukowskiej wytyczony zosta\u0142 szlak do <a href=\"https:\/\/tphorlik.org.pl\/przyroda\/\" target=\"_blank\" rel=\"noreferrer noopener\">rezerwatu Jata<\/a>:<\/p>\n\n\n\n<p>Lokalizacja: gmina \u0141uk\u00f3w. Kolor: \u017c\u00f3\u0142ty. D\u0142ugo\u015b\u0107: ok. 18 km.<\/p>\n\n\n\n<p>W jego pobli\u017cu zlokalizowano <a href=\"https:\/\/maps.app.goo.gl\/wufKpvha3uducVga9\" target=\"_blank\" rel=\"noreferrer noopener\" title=\"Ranczo pod bocianami na mapach google\">\u201eRanczo pod bocianami\u201d <\/a>, gdzie tury\u015bci mog\u0105 wypocz\u0105\u0107.<\/p>\n\n\n\n<p><a title=\"Towarzystwo Przyrodniczo - Historyczne Orlik\" href=\"http:\/\/tphorlik.org.pl\/przyroda\/trasa-rowerowa-rezerwat-jata\/\" target=\"_blank\" rel=\"noreferrer noopener\">Tu znajdziesz wi\u0119cej informacji o tym szlaku<\/a><\/p>\n\n\n\n<p><a href=\"https:\/\/skomplikowane.pl\/na-trasie\/rezerwat-przyrody-jata\/\" target=\"_blank\" rel=\"noreferrer noopener\">A tu ciekawa relacja z wyprawy do rez. Jata<\/a><\/p>\n\n\n\n<p>========<\/p>\n\n\n\n<p>Sporo przydatnych informacji mo\u017cna znale\u017a\u0107 tak\u017ce na <a href=\"https:\/\/lgdrazemzapiecek.treespot.pl\/\" target=\"_blank\" rel=\"noreferrer noopener\">stronie ze szlakami Lokalnej Grupy Dzia\u0142ania \u201eZapiecek\u201d.<\/a><\/p>\n\n\n\n<hr class=\"wp-block-separator has-text-color has-palette-color-2-color has-alpha-channel-opacity has-palette-color-2-background-color has-background\" style=\"margin-top:var(--wp--preset--spacing--50);margin-bottom:var(--wp--preset--spacing--50)\"\/>\n\n\n\n<p class=\"has-text-align-center\">Za przekazanie poni\u017cszych zdj\u0119\u0107 dzi\u0119kuj\u0119 Wiktorii Wysoki\u0144skiej i Paw\u0142owi Prze\u017adziakowi<\/p>\n\n\n\n<figure class=\"wp-block-gallery has-nested-images columns-4 is-cropped wp-block-gallery-1 is-layout-flex wp-block-gallery-is-layout-flex\">\n<figure data-wp-context=\"{&quot;imageId&quot;:&quot;69f381ac92dd6&quot;}\" data-wp-interactive=\"core\/image\" data-wp-key=\"69f381ac92dd6\" class=\"wp-block-image size-large wp-lightbox-container\"><img loading=\"lazy\" decoding=\"async\" width=\"1024\" height=\"724\" data-wp-class--hide=\"state.isContentHidden\" data-wp-class--show=\"state.isContentVisible\" data-wp-init=\"callbacks.setButtonStyles\" data-wp-on--click=\"actions.showLightbox\" data-wp-on--load=\"callbacks.setButtonStyles\" data-wp-on-window--resize=\"callbacks.setButtonStyles\" data-id=\"1357\" src=\"https:\/\/szlaki.lublin.pl\/wp-content\/uploads\/2024\/01\/wiktoria_jata.jpg\" alt=\"Las, powalone drzewa obro\u015bni\u0119te mchem, kilka drzew pochylonych, w tle kilkana\u015bcie drzew g\u0142\u00f3wnie li\u015bciastych. G\u0119sta \u015bciana zielonego.\" class=\"wp-image-1357\" srcset=\"https:\/\/szlaki.lublin.pl\/wp-content\/uploads\/2024\/01\/wiktoria_jata.jpg 1024w, https:\/\/szlaki.lublin.pl\/wp-content\/uploads\/2024\/01\/wiktoria_jata-300x212.jpg 300w, https:\/\/szlaki.lublin.pl\/wp-content\/uploads\/2024\/01\/wiktoria_jata-768x543.jpg 768w\" sizes=\"auto, (max-width: 1024px) 100vw, 1024px\" \/><button\n\t\t\tclass=\"lightbox-trigger\"\n\t\t\ttype=\"button\"\n\t\t\taria-haspopup=\"dialog\"\n\t\t\taria-label=\"Powi\u0119ksz\"\n\t\t\tdata-wp-init=\"callbacks.initTriggerButton\"\n\t\t\tdata-wp-on--click=\"actions.showLightbox\"\n\t\t\tdata-wp-style--right=\"state.imageButtonRight\"\n\t\t\tdata-wp-style--top=\"state.imageButtonTop\"\n\t\t>\n\t\t\t<svg xmlns=\"http:\/\/www.w3.org\/2000\/svg\" width=\"12\" height=\"12\" fill=\"none\" viewBox=\"0 0 12 12\">\n\t\t\t\t<path fill=\"#fff\" d=\"M2 0a2 2 0 0 0-2 2v2h1.5V2a.5.5 0 0 1 .5-.5h2V0H2Zm2 10.5H2a.5.5 0 0 1-.5-.5V8H0v2a2 2 0 0 0 2 2h2v-1.5ZM8 12v-1.5h2a.5.5 0 0 0 .5-.5V8H12v2a2 2 0 0 1-2 2H8Zm2-12a2 2 0 0 1 2 2v2h-1.5V2a.5.5 0 0 0-.5-.5H8V0h2Z\" \/>\n\t\t\t<\/svg>\n\t\t<\/button><figcaption class=\"wp-element-caption\">Otulina rez. Jata<\/figcaption><\/figure>\n\n\n\n<figure data-wp-context=\"{&quot;imageId&quot;:&quot;69f381ac93005&quot;}\" data-wp-interactive=\"core\/image\" data-wp-key=\"69f381ac93005\" class=\"wp-block-image size-large wp-lightbox-container\"><img loading=\"lazy\" decoding=\"async\" width=\"1024\" height=\"683\" data-wp-class--hide=\"state.isContentHidden\" data-wp-class--show=\"state.isContentVisible\" data-wp-init=\"callbacks.setButtonStyles\" data-wp-on--click=\"actions.showLightbox\" data-wp-on--load=\"callbacks.setButtonStyles\" data-wp-on-window--resize=\"callbacks.setButtonStyles\" data-id=\"1355\" src=\"https:\/\/szlaki.lublin.pl\/wp-content\/uploads\/2024\/01\/pawel_pomnik.jpg\" alt=\"Na pierwszym planie kilka jode\u0142 posadzonych na planie okr\u0119gu. Bli\u017cej \u015brodka niewysoki, omszony murek. W centrum kamienny pomnik ku czci ksi\u0119dza Brz\u00f3ski. Na dole pomnika tablica, wy\u017cej metalowy jasny orze\u0142\" class=\"wp-image-1355\" srcset=\"https:\/\/szlaki.lublin.pl\/wp-content\/uploads\/2024\/01\/pawel_pomnik.jpg 1024w, https:\/\/szlaki.lublin.pl\/wp-content\/uploads\/2024\/01\/pawel_pomnik-300x200.jpg 300w, https:\/\/szlaki.lublin.pl\/wp-content\/uploads\/2024\/01\/pawel_pomnik-768x512.jpg 768w\" sizes=\"auto, (max-width: 1024px) 100vw, 1024px\" \/><button\n\t\t\tclass=\"lightbox-trigger\"\n\t\t\ttype=\"button\"\n\t\t\taria-haspopup=\"dialog\"\n\t\t\taria-label=\"Powi\u0119ksz\"\n\t\t\tdata-wp-init=\"callbacks.initTriggerButton\"\n\t\t\tdata-wp-on--click=\"actions.showLightbox\"\n\t\t\tdata-wp-style--right=\"state.imageButtonRight\"\n\t\t\tdata-wp-style--top=\"state.imageButtonTop\"\n\t\t>\n\t\t\t<svg xmlns=\"http:\/\/www.w3.org\/2000\/svg\" width=\"12\" height=\"12\" fill=\"none\" viewBox=\"0 0 12 12\">\n\t\t\t\t<path fill=\"#fff\" d=\"M2 0a2 2 0 0 0-2 2v2h1.5V2a.5.5 0 0 1 .5-.5h2V0H2Zm2 10.5H2a.5.5 0 0 1-.5-.5V8H0v2a2 2 0 0 0 2 2h2v-1.5ZM8 12v-1.5h2a.5.5 0 0 0 .5-.5V8H12v2a2 2 0 0 1-2 2H8Zm2-12a2 2 0 0 1 2 2v2h-1.5V2a.5.5 0 0 0-.5-.5H8V0h2Z\" \/>\n\t\t\t<\/svg>\n\t\t<\/button><figcaption class=\"wp-element-caption\">Pomnik ks. Brz\u00f3ski<\/figcaption><\/figure>\n\n\n\n<figure data-wp-context=\"{&quot;imageId&quot;:&quot;69f381ac93241&quot;}\" data-wp-interactive=\"core\/image\" data-wp-key=\"69f381ac93241\" class=\"wp-block-image size-large wp-lightbox-container\"><img loading=\"lazy\" decoding=\"async\" width=\"1024\" height=\"724\" data-wp-class--hide=\"state.isContentHidden\" data-wp-class--show=\"state.isContentVisible\" data-wp-init=\"callbacks.setButtonStyles\" data-wp-on--click=\"actions.showLightbox\" data-wp-on--load=\"callbacks.setButtonStyles\" data-wp-on-window--resize=\"callbacks.setButtonStyles\" data-id=\"1356\" src=\"https:\/\/szlaki.lublin.pl\/wp-content\/uploads\/2024\/01\/wiktoria_amonit.jpg\" alt=\"Z\u0142oto pomara\u0144czowa doskonale zachowana muszla amonita\" class=\"wp-image-1356\" srcset=\"https:\/\/szlaki.lublin.pl\/wp-content\/uploads\/2024\/01\/wiktoria_amonit.jpg 1024w, https:\/\/szlaki.lublin.pl\/wp-content\/uploads\/2024\/01\/wiktoria_amonit-300x212.jpg 300w, https:\/\/szlaki.lublin.pl\/wp-content\/uploads\/2024\/01\/wiktoria_amonit-768x543.jpg 768w\" sizes=\"auto, (max-width: 1024px) 100vw, 1024px\" \/><button\n\t\t\tclass=\"lightbox-trigger\"\n\t\t\ttype=\"button\"\n\t\t\taria-haspopup=\"dialog\"\n\t\t\taria-label=\"Powi\u0119ksz\"\n\t\t\tdata-wp-init=\"callbacks.initTriggerButton\"\n\t\t\tdata-wp-on--click=\"actions.showLightbox\"\n\t\t\tdata-wp-style--right=\"state.imageButtonRight\"\n\t\t\tdata-wp-style--top=\"state.imageButtonTop\"\n\t\t>\n\t\t\t<svg xmlns=\"http:\/\/www.w3.org\/2000\/svg\" width=\"12\" height=\"12\" fill=\"none\" viewBox=\"0 0 12 12\">\n\t\t\t\t<path fill=\"#fff\" d=\"M2 0a2 2 0 0 0-2 2v2h1.5V2a.5.5 0 0 1 .5-.5h2V0H2Zm2 10.5H2a.5.5 0 0 1-.5-.5V8H0v2a2 2 0 0 0 2 2h2v-1.5ZM8 12v-1.5h2a.5.5 0 0 0 .5-.5V8H12v2a2 2 0 0 1-2 2H8Zm2-12a2 2 0 0 1 2 2v2h-1.5V2a.5.5 0 0 0-.5-.5H8V0h2Z\" \/>\n\t\t\t<\/svg>\n\t\t<\/button><figcaption class=\"wp-element-caption\">Amonit z okolic \u0141ukowa<\/figcaption><\/figure>\n\n\n\n<figure data-wp-context=\"{&quot;imageId&quot;:&quot;69f381ac9344c&quot;}\" data-wp-interactive=\"core\/image\" data-wp-key=\"69f381ac9344c\" class=\"wp-block-image size-large wp-lightbox-container\"><img loading=\"lazy\" decoding=\"async\" width=\"1024\" height=\"683\" data-wp-class--hide=\"state.isContentHidden\" data-wp-class--show=\"state.isContentVisible\" data-wp-init=\"callbacks.setButtonStyles\" data-wp-on--click=\"actions.showLightbox\" data-wp-on--load=\"callbacks.setButtonStyles\" data-wp-on-window--resize=\"callbacks.setButtonStyles\" data-id=\"1354\" src=\"https:\/\/szlaki.lublin.pl\/wp-content\/uploads\/2024\/01\/pawel_amonit.jpg\" alt=\"Pi\u0119knie zachowana muszla amonita le\u017c\u0105ca na piasku\" class=\"wp-image-1354\" srcset=\"https:\/\/szlaki.lublin.pl\/wp-content\/uploads\/2024\/01\/pawel_amonit.jpg 1024w, https:\/\/szlaki.lublin.pl\/wp-content\/uploads\/2024\/01\/pawel_amonit-300x200.jpg 300w, https:\/\/szlaki.lublin.pl\/wp-content\/uploads\/2024\/01\/pawel_amonit-768x512.jpg 768w\" sizes=\"auto, (max-width: 1024px) 100vw, 1024px\" \/><button\n\t\t\tclass=\"lightbox-trigger\"\n\t\t\ttype=\"button\"\n\t\t\taria-haspopup=\"dialog\"\n\t\t\taria-label=\"Powi\u0119ksz\"\n\t\t\tdata-wp-init=\"callbacks.initTriggerButton\"\n\t\t\tdata-wp-on--click=\"actions.showLightbox\"\n\t\t\tdata-wp-style--right=\"state.imageButtonRight\"\n\t\t\tdata-wp-style--top=\"state.imageButtonTop\"\n\t\t>\n\t\t\t<svg xmlns=\"http:\/\/www.w3.org\/2000\/svg\" width=\"12\" height=\"12\" fill=\"none\" viewBox=\"0 0 12 12\">\n\t\t\t\t<path fill=\"#fff\" d=\"M2 0a2 2 0 0 0-2 2v2h1.5V2a.5.5 0 0 1 .5-.5h2V0H2Zm2 10.5H2a.5.5 0 0 1-.5-.5V8H0v2a2 2 0 0 0 2 2h2v-1.5ZM8 12v-1.5h2a.5.5 0 0 0 .5-.5V8H12v2a2 2 0 0 1-2 2H8Zm2-12a2 2 0 0 1 2 2v2h-1.5V2a.5.5 0 0 0-.5-.5H8V0h2Z\" \/>\n\t\t\t<\/svg>\n\t\t<\/button><figcaption class=\"wp-element-caption\">Amonit z okolic \u0141ukowa<\/figcaption><\/figure>\n<\/figure>\n\n\n\n<hr class=\"wp-block-separator has-text-color has-palette-color-2-color has-alpha-channel-opacity has-palette-color-2-background-color has-background\" style=\"margin-top:var(--wp--preset--spacing--50);margin-bottom:var(--wp--preset--spacing--50)\"\/>\n\n\n\n<h5 class=\"wp-block-heading has-text-align-center\">Wszystkie szlaki zosta\u0142y zaprojektowane (i w wi\u0119kszo\u015bci wykonane) przez <a href=\"https:\/\/www.manufakturaturystyki.pl\/\" target=\"_blank\" rel=\"noreferrer noopener\">Manufaktur\u0119 Turystyki<\/a><\/h5>\n\n\n\n<figure class=\"wp-block-image aligncenter size-full is-resized\"><a href=\"https:\/\/www.manufakturaturystyki.pl\/\" target=\"_blank\" rel=\"noopener\"><img loading=\"lazy\" decoding=\"async\" width=\"766\" height=\"766\" src=\"https:\/\/szlaki.lublin.pl\/wp-content\/uploads\/2024\/01\/logo-kula-PNG.png\" alt=\"Kula ziemska z kontynentami w kolorze br\u0105zowym. Na \u015brodku napis Manufaktura Turystyki.\" class=\"wp-image-1166\" style=\"width:250px\" srcset=\"https:\/\/szlaki.lublin.pl\/wp-content\/uploads\/2024\/01\/logo-kula-PNG.png 766w, https:\/\/szlaki.lublin.pl\/wp-content\/uploads\/2024\/01\/logo-kula-PNG-300x300.png 300w, https:\/\/szlaki.lublin.pl\/wp-content\/uploads\/2024\/01\/logo-kula-PNG-150x150.png 150w\" sizes=\"auto, (max-width: 766px) 100vw, 766px\" \/><\/a><\/figure>\n","protected":false},"excerpt":{"rendered":"<p>Powiat \u0142ukowski Szlaki rowerowe Szlaki rowerowe w powiecie \u0142ukowskim to sie\u0107 ok. 330 km tras na terenie 12-tu gmin (powiat \u0142ukowski oraz gminy K\u0142oczew i Nowodw\u00f3r z pow. ryckiego). Powsta\u0142y z inicjatywy Lokalnej Grupy Dzia\u0142ania &#8222;Razem ku Lepszej Przysz\u0142o\u015bci&#8221; z \u0141ukowa. Nosz\u0105 wsp\u00f3ln\u0105 nazw\u0119 Szlaku Ziemi \u0141ukowskiej. Zobacz te\u017c: szlaki na podk\u0142adzie mapy topograficznej Gminy [&hellip;]<\/p>\n","protected":false},"author":1,"featured_media":0,"parent":0,"menu_order":0,"comment_status":"closed","ping_status":"closed","template":"","meta":{"footnotes":""},"folder":[],"class_list":["post-771","page","type-page","status-publish","hentry"],"blocksy_meta":[],"yoast_head":"<!-- This site is optimized with the Yoast SEO plugin v26.5 - https:\/\/yoast.com\/wordpress\/plugins\/seo\/ -->\n<title>Powiat \u0142ukowski - szlaki.lublin.pl<\/title>\n<meta name=\"robots\" content=\"index, follow, max-snippet:-1, max-image-preview:large, max-video-preview:-1\" \/>\n<link rel=\"canonical\" href=\"https:\/\/szlaki.lublin.pl\/index.php\/powiat-lukowski\/\" \/>\n<meta property=\"og:locale\" content=\"pl_PL\" \/>\n<meta property=\"og:type\" content=\"article\" \/>\n<meta property=\"og:title\" content=\"Powiat \u0142ukowski - szlaki.lublin.pl\" \/>\n<meta property=\"og:description\" content=\"Powiat \u0142ukowski Szlaki rowerowe Szlaki rowerowe w powiecie \u0142ukowskim to sie\u0107 ok. 330 km tras na terenie 12-tu gmin (powiat \u0142ukowski oraz gminy K\u0142oczew i Nowodw\u00f3r z pow. ryckiego). Powsta\u0142y z inicjatywy Lokalnej Grupy Dzia\u0142ania &#8222;Razem ku Lepszej Przysz\u0142o\u015bci&#8221; z \u0141ukowa. Nosz\u0105 wsp\u00f3ln\u0105 nazw\u0119 Szlaku Ziemi \u0141ukowskiej. Zobacz te\u017c: szlaki na podk\u0142adzie mapy topograficznej Gminy [&hellip;]\" \/>\n<meta property=\"og:url\" content=\"https:\/\/szlaki.lublin.pl\/index.php\/powiat-lukowski\/\" \/>\n<meta property=\"og:site_name\" content=\"szlaki.lublin.pl\" \/>\n<meta property=\"article:publisher\" content=\"https:\/\/www.facebook.com\/lubelskieszlaki\" \/>\n<meta property=\"article:modified_time\" content=\"2024-02-15T13:30:35+00:00\" \/>\n<meta property=\"og:image\" content=\"https:\/\/szlaki.lublin.pl\/wp-content\/uploads\/2024\/01\/logo-szlaku-ziemi-lukowskiej.jpg\" \/>\n<meta name=\"twitter:card\" content=\"summary_large_image\" \/>\n<meta name=\"twitter:label1\" content=\"Szacowany czas czytania\" \/>\n\t<meta name=\"twitter:data1\" content=\"3 minuty\" \/>\n<script type=\"application\/ld+json\" class=\"yoast-schema-graph\">{\"@context\":\"https:\/\/schema.org\",\"@graph\":[{\"@type\":\"WebPage\",\"@id\":\"https:\/\/szlaki.lublin.pl\/index.php\/powiat-lukowski\/\",\"url\":\"https:\/\/szlaki.lublin.pl\/index.php\/powiat-lukowski\/\",\"name\":\"Powiat \u0142ukowski - szlaki.lublin.pl\",\"isPartOf\":{\"@id\":\"https:\/\/szlaki.lublin.pl\/#website\"},\"primaryImageOfPage\":{\"@id\":\"https:\/\/szlaki.lublin.pl\/index.php\/powiat-lukowski\/#primaryimage\"},\"image\":{\"@id\":\"https:\/\/szlaki.lublin.pl\/index.php\/powiat-lukowski\/#primaryimage\"},\"thumbnailUrl\":\"https:\/\/szlaki.lublin.pl\/wp-content\/uploads\/2024\/01\/logo-szlaku-ziemi-lukowskiej.jpg\",\"datePublished\":\"2024-01-13T18:04:58+00:00\",\"dateModified\":\"2024-02-15T13:30:35+00:00\",\"breadcrumb\":{\"@id\":\"https:\/\/szlaki.lublin.pl\/index.php\/powiat-lukowski\/#breadcrumb\"},\"inLanguage\":\"pl-PL\",\"potentialAction\":[{\"@type\":\"ReadAction\",\"target\":[\"https:\/\/szlaki.lublin.pl\/index.php\/powiat-lukowski\/\"]}]},{\"@type\":\"ImageObject\",\"inLanguage\":\"pl-PL\",\"@id\":\"https:\/\/szlaki.lublin.pl\/index.php\/powiat-lukowski\/#primaryimage\",\"url\":\"https:\/\/szlaki.lublin.pl\/wp-content\/uploads\/2024\/01\/logo-szlaku-ziemi-lukowskiej.jpg\",\"contentUrl\":\"https:\/\/szlaki.lublin.pl\/wp-content\/uploads\/2024\/01\/logo-szlaku-ziemi-lukowskiej.jpg\",\"width\":1024,\"height\":724,\"caption\":\"Stylizowany rower. Fioletowy ludzik dosiada roweru z czerwona ram\u0105, \u017c\u00f3\u0142tym tylnym i niebieskim przednik ko\u0142em. Z przodu zielone drzewko, pod spodem napis szlak ziemi \u0142ukowskiej\"},{\"@type\":\"BreadcrumbList\",\"@id\":\"https:\/\/szlaki.lublin.pl\/index.php\/powiat-lukowski\/#breadcrumb\",\"itemListElement\":[{\"@type\":\"ListItem\",\"position\":1,\"name\":\"Strona g\u0142\u00f3wna\",\"item\":\"https:\/\/szlaki.lublin.pl\/\"},{\"@type\":\"ListItem\",\"position\":2,\"name\":\"Powiat \u0142ukowski\"}]},{\"@type\":\"WebSite\",\"@id\":\"https:\/\/szlaki.lublin.pl\/#website\",\"url\":\"https:\/\/szlaki.lublin.pl\/\",\"name\":\"szlaki.lublin.pl\",\"description\":\"szlaki turystyczne Lubelszczyzny\",\"publisher\":{\"@id\":\"https:\/\/szlaki.lublin.pl\/#\/schema\/person\/9ccbc4e7153d7299989ffe3ef4dd3e05\"},\"potentialAction\":[{\"@type\":\"SearchAction\",\"target\":{\"@type\":\"EntryPoint\",\"urlTemplate\":\"https:\/\/szlaki.lublin.pl\/?s={search_term_string}\"},\"query-input\":{\"@type\":\"PropertyValueSpecification\",\"valueRequired\":true,\"valueName\":\"search_term_string\"}}],\"inLanguage\":\"pl-PL\"},{\"@type\":[\"Person\",\"Organization\"],\"@id\":\"https:\/\/szlaki.lublin.pl\/#\/schema\/person\/9ccbc4e7153d7299989ffe3ef4dd3e05\",\"name\":\"Slawek\",\"image\":{\"@type\":\"ImageObject\",\"inLanguage\":\"pl-PL\",\"@id\":\"https:\/\/szlaki.lublin.pl\/#\/schema\/person\/image\/\",\"url\":\"https:\/\/szlaki.lublin.pl\/wp-content\/uploads\/2024\/01\/logo_szlaki_kwadrat.png\",\"contentUrl\":\"https:\/\/szlaki.lublin.pl\/wp-content\/uploads\/2024\/01\/logo_szlaki_kwadrat.png\",\"width\":337,\"height\":336,\"caption\":\"Slawek\"},\"logo\":{\"@id\":\"https:\/\/szlaki.lublin.pl\/#\/schema\/person\/image\/\"},\"sameAs\":[\"https:\/\/szlaki.lublin.pl\",\"https:\/\/www.facebook.com\/lubelskieszlaki\"]}]}<\/script>\n<!-- \/ Yoast SEO plugin. -->","yoast_head_json":{"title":"Powiat \u0142ukowski - szlaki.lublin.pl","robots":{"index":"index","follow":"follow","max-snippet":"max-snippet:-1","max-image-preview":"max-image-preview:large","max-video-preview":"max-video-preview:-1"},"canonical":"https:\/\/szlaki.lublin.pl\/index.php\/powiat-lukowski\/","og_locale":"pl_PL","og_type":"article","og_title":"Powiat \u0142ukowski - szlaki.lublin.pl","og_description":"Powiat \u0142ukowski Szlaki rowerowe Szlaki rowerowe w powiecie \u0142ukowskim to sie\u0107 ok. 330 km tras na terenie 12-tu gmin (powiat \u0142ukowski oraz gminy K\u0142oczew i Nowodw\u00f3r z pow. ryckiego). Powsta\u0142y z inicjatywy Lokalnej Grupy Dzia\u0142ania &#8222;Razem ku Lepszej Przysz\u0142o\u015bci&#8221; z \u0141ukowa. Nosz\u0105 wsp\u00f3ln\u0105 nazw\u0119 Szlaku Ziemi \u0141ukowskiej. Zobacz te\u017c: szlaki na podk\u0142adzie mapy topograficznej Gminy [&hellip;]","og_url":"https:\/\/szlaki.lublin.pl\/index.php\/powiat-lukowski\/","og_site_name":"szlaki.lublin.pl","article_publisher":"https:\/\/www.facebook.com\/lubelskieszlaki","article_modified_time":"2024-02-15T13:30:35+00:00","og_image":[{"url":"https:\/\/szlaki.lublin.pl\/wp-content\/uploads\/2024\/01\/logo-szlaku-ziemi-lukowskiej.jpg","type":"","width":"","height":""}],"twitter_card":"summary_large_image","twitter_misc":{"Szacowany czas czytania":"3 minuty"},"schema":{"@context":"https:\/\/schema.org","@graph":[{"@type":"WebPage","@id":"https:\/\/szlaki.lublin.pl\/index.php\/powiat-lukowski\/","url":"https:\/\/szlaki.lublin.pl\/index.php\/powiat-lukowski\/","name":"Powiat \u0142ukowski - szlaki.lublin.pl","isPartOf":{"@id":"https:\/\/szlaki.lublin.pl\/#website"},"primaryImageOfPage":{"@id":"https:\/\/szlaki.lublin.pl\/index.php\/powiat-lukowski\/#primaryimage"},"image":{"@id":"https:\/\/szlaki.lublin.pl\/index.php\/powiat-lukowski\/#primaryimage"},"thumbnailUrl":"https:\/\/szlaki.lublin.pl\/wp-content\/uploads\/2024\/01\/logo-szlaku-ziemi-lukowskiej.jpg","datePublished":"2024-01-13T18:04:58+00:00","dateModified":"2024-02-15T13:30:35+00:00","breadcrumb":{"@id":"https:\/\/szlaki.lublin.pl\/index.php\/powiat-lukowski\/#breadcrumb"},"inLanguage":"pl-PL","potentialAction":[{"@type":"ReadAction","target":["https:\/\/szlaki.lublin.pl\/index.php\/powiat-lukowski\/"]}]},{"@type":"ImageObject","inLanguage":"pl-PL","@id":"https:\/\/szlaki.lublin.pl\/index.php\/powiat-lukowski\/#primaryimage","url":"https:\/\/szlaki.lublin.pl\/wp-content\/uploads\/2024\/01\/logo-szlaku-ziemi-lukowskiej.jpg","contentUrl":"https:\/\/szlaki.lublin.pl\/wp-content\/uploads\/2024\/01\/logo-szlaku-ziemi-lukowskiej.jpg","width":1024,"height":724,"caption":"Stylizowany rower. Fioletowy ludzik dosiada roweru z czerwona ram\u0105, \u017c\u00f3\u0142tym tylnym i niebieskim przednik ko\u0142em. Z przodu zielone drzewko, pod spodem napis szlak ziemi \u0142ukowskiej"},{"@type":"BreadcrumbList","@id":"https:\/\/szlaki.lublin.pl\/index.php\/powiat-lukowski\/#breadcrumb","itemListElement":[{"@type":"ListItem","position":1,"name":"Strona g\u0142\u00f3wna","item":"https:\/\/szlaki.lublin.pl\/"},{"@type":"ListItem","position":2,"name":"Powiat \u0142ukowski"}]},{"@type":"WebSite","@id":"https:\/\/szlaki.lublin.pl\/#website","url":"https:\/\/szlaki.lublin.pl\/","name":"szlaki.lublin.pl","description":"szlaki turystyczne Lubelszczyzny","publisher":{"@id":"https:\/\/szlaki.lublin.pl\/#\/schema\/person\/9ccbc4e7153d7299989ffe3ef4dd3e05"},"potentialAction":[{"@type":"SearchAction","target":{"@type":"EntryPoint","urlTemplate":"https:\/\/szlaki.lublin.pl\/?s={search_term_string}"},"query-input":{"@type":"PropertyValueSpecification","valueRequired":true,"valueName":"search_term_string"}}],"inLanguage":"pl-PL"},{"@type":["Person","Organization"],"@id":"https:\/\/szlaki.lublin.pl\/#\/schema\/person\/9ccbc4e7153d7299989ffe3ef4dd3e05","name":"Slawek","image":{"@type":"ImageObject","inLanguage":"pl-PL","@id":"https:\/\/szlaki.lublin.pl\/#\/schema\/person\/image\/","url":"https:\/\/szlaki.lublin.pl\/wp-content\/uploads\/2024\/01\/logo_szlaki_kwadrat.png","contentUrl":"https:\/\/szlaki.lublin.pl\/wp-content\/uploads\/2024\/01\/logo_szlaki_kwadrat.png","width":337,"height":336,"caption":"Slawek"},"logo":{"@id":"https:\/\/szlaki.lublin.pl\/#\/schema\/person\/image\/"},"sameAs":["https:\/\/szlaki.lublin.pl","https:\/\/www.facebook.com\/lubelskieszlaki"]}]}},"_links":{"self":[{"href":"https:\/\/szlaki.lublin.pl\/index.php\/wp-json\/wp\/v2\/pages\/771","targetHints":{"allow":["GET"]}}],"collection":[{"href":"https:\/\/szlaki.lublin.pl\/index.php\/wp-json\/wp\/v2\/pages"}],"about":[{"href":"https:\/\/szlaki.lublin.pl\/index.php\/wp-json\/wp\/v2\/types\/page"}],"author":[{"embeddable":true,"href":"https:\/\/szlaki.lublin.pl\/index.php\/wp-json\/wp\/v2\/users\/1"}],"replies":[{"embeddable":true,"href":"https:\/\/szlaki.lublin.pl\/index.php\/wp-json\/wp\/v2\/comments?post=771"}],"version-history":[{"count":50,"href":"https:\/\/szlaki.lublin.pl\/index.php\/wp-json\/wp\/v2\/pages\/771\/revisions"}],"predecessor-version":[{"id":1486,"href":"https:\/\/szlaki.lublin.pl\/index.php\/wp-json\/wp\/v2\/pages\/771\/revisions\/1486"}],"wp:attachment":[{"href":"https:\/\/szlaki.lublin.pl\/index.php\/wp-json\/wp\/v2\/media?parent=771"}],"wp:term":[{"taxonomy":"folder","embeddable":true,"href":"https:\/\/szlaki.lublin.pl\/index.php\/wp-json\/wp\/v2\/folder?post=771"}],"curies":[{"name":"wp","href":"https:\/\/api.w.org\/{rel}","templated":true}]}}